{"id":2721,"date":"2023-10-30T10:43:52","date_gmt":"2023-10-30T09:43:52","guid":{"rendered":"https:\/\/sensum.waw.pl\/?page_id=2721"},"modified":"2023-11-17T12:36:39","modified_gmt":"2023-11-17T11:36:39","slug":"dzien-otwarty","status":"publish","type":"page","link":"https:\/\/sensum.waw.pl\/index.php\/dzien-otwarty\/","title":{"rendered":"Dzie\u0144 Otwarty"},"content":{"rendered":"<div class=\"fusion-fullwidth fullwidth-box fusion-builder-row-1 fusion-flex-container nonhundred-percent-fullwidth non-hundred-percent-height-scrolling\" style=\"background-color: rgba(255,255,255,0);background-position: center center;background-repeat: no-repeat;border-width: 0px 0px 0px 0px;border-color:#e2e2e2;border-style:solid;\" ><div class=\"fusion-builder-row fusion-row fusion-flex-align-items-stretch\" style=\"max-width:1365px;margin-left: calc(-5% \/ 2 );margin-right: calc(-5% \/ 2 );\"><div class=\"fusion-layout-column fusion_builder_column fusion-builder-column-0 fusion_builder_column_1_1 1_1 fusion-flex-column fusion-flex-align-self-flex-start fusion-column-inner-bg-wrapper fusion-animated\" data-animationType=\"fadeInUp\" data-animationDuration=\"1.0\" data-animationOffset=\"top-into-view\"><div class=\"fusion-column-wrapper fusion-flex-justify-content-center fusion-content-layout-column\" style=\"border-radius:6px 6px 6px 6px;overflow:hidden;padding: 4vw 4vw 6vw 4vw;\"><style type=\"text\/css\">@media only screen and (max-width:1177px) {.fusion-title.fusion-title-1{margin-top:10px!important; margin-right:0px!important;margin-bottom:15px!important;margin-left:0px!important;}}@media only screen and (max-width:700px) {.fusion-title.fusion-title-1{margin-top:10px!important; margin-right:0px!important;margin-bottom:10px!important; margin-left:0px!important;}}<\/style><div class=\"fusion-title title fusion-title-1 fusion-sep-none fusion-title-center fusion-title-text fusion-title-size-two\" style=\"margin-top:10px;margin-right:0px;margin-bottom:15px;margin-left:0px;\"><h2 class=\"title-heading-center\" style=\"margin:0;color:#3d3d3d;\">Zapraszamy na Dzie\u0144 otwarty 25 listopada 2023<\/h2><\/div><style type=\"text\/css\">#accordion-2721-1 .fusion-panel:hover, #accordion-2721-1 .fusion-panel.hover{ background-color: #f9f9fb } #accordion-2721-1 .fusion-panel { border-color:#e2e2e2; border-width:0px; background-color:#ffffff; }.fusion-accordian  #accordion-2721-1 .panel-title a .fa-fusion-box{ color: #ffffff;}.fusion-accordian  #accordion-2721-1 .panel-title a .fa-fusion-box:before{ font-size: 13px; width: 13px;}.fusion-accordian  #accordion-2721-1 .panel-title a{font-size:28px;}.fusion-accordian  #accordion-2721-1 .fa-fusion-box { background-color: #212934;border-color: #212934;}.fusion-accordian  #accordion-2721-1 .panel-title a:hover, #accordion-2721-1 .fusion-toggle-boxed-mode:hover .panel-title a { color: #012b7f;}.fusion-accordian  #accordion-2721-1 .panel-title .active .fa-fusion-box,.fusion-accordian  #accordion-2721-1 .panel-title a:hover .fa-fusion-box { background-color: #012b7f!important;border-color: #012b7f!important;}<\/style><div class=\"accordian fusion-accordian\"><div class=\"panel-group\" id=\"accordion-2721-1\"><div class=\"fusion-panel panel-default fusion-toggle-no-divider fusion-toggle-boxed-mode\"><div class=\"panel-heading\"><h4 class=\"panel-title toggle\"><a class=\"active\" aria-expanded=\"true\" aria-controls=\"2c273cc8c978e9b1a\" role=\"button\" data-toggle=\"collapse\" data-parent=\"#accordion-2721-1\" data-target=\"#2c273cc8c978e9b1a\" href=\"#2c273cc8c978e9b1a\"><span class=\"fusion-toggle-icon-wrapper\" aria-hidden=\"true\"><i class=\"fa-fusion-box\" aria-hidden=\"true\"><\/i><\/span><span class=\"fusion-toggle-heading\">Konsultacje rodzicielskie dla rodzic\u00f3w dzieci 7-9 lat<\/span><\/a><\/h4><\/div><div id=\"2c273cc8c978e9b1a\" class=\"panel-collapse collapse in\"><div class=\"panel-body toggle-content fusion-clearfix\">\n<p>Zapraszamy rodzic\u00f3w, kt\u00f3rzy s\u0105 zaniepokojenie zachowaniami swojego dziecka, martwi\u0105 si\u0119 z jakiego\u015b powodu i czuj\u0105 si\u0119 w tym momencie zagubieni i zastanawiaj\u0105 si\u0119 czy nale\u017cy podejmowa\u0107 ju\u017c\u00a0 specjalistyczne interwencje?. Jest to okazja do indywidualnej rozmowy o sytuacji dziecka, podczas, kt\u00f3rej b\u0119dzie mo\u017cna zyska\u0107 lepsze zrozumienie sytuacji i by\u0107 mo\u017ce zaplanowa\u0107 jakie\u015b dzia\u0142ania.<\/p>\n<p><strong>Prowadzenie: Sylwia Koz\u0142owska<\/strong><\/p>\n<p><strong>Miejsce: Rado\u015b\u0107, godz.12.00-13.30<\/strong><\/p>\n<\/div><\/div><\/div><div class=\"fusion-panel panel-default fusion-toggle-no-divider fusion-toggle-boxed-mode\"><div class=\"panel-heading\"><h4 class=\"panel-title toggle\"><a class=\"active\" aria-expanded=\"true\" aria-controls=\"a606ccc1897701546\" role=\"button\" data-toggle=\"collapse\" data-parent=\"#accordion-2721-1\" data-target=\"#a606ccc1897701546\" href=\"#a606ccc1897701546\"><span class=\"fusion-toggle-icon-wrapper\" aria-hidden=\"true\"><i class=\"fa-fusion-box\" aria-hidden=\"true\"><\/i><\/span><span class=\"fusion-toggle-heading\">Wyk\u0142ad &quot;Zwariuj\u0119! Oszalej\u0119!&quot;<\/span><\/a><\/h4><\/div><div id=\"a606ccc1897701546\" class=\"panel-collapse collapse in\"><div class=\"panel-body toggle-content fusion-clearfix\">Czy rzeczywi\u015bcie tak jest, \u017ce ka\u017cdy z nas mo\u017ce \u201estraci\u0107 rozum\u201d? I co to w og\u00f3le znaczy? Statystyki pokazuj\u0105, \u017ce w dzisiejszych czasach co czwarty Polak do\u015bwiadcza kryzysu zdrowia psychicznego, a wg WHO, do 2030 roku, depresja stanie si\u0119 najcz\u0119\u015bciej wyst\u0119puj\u0105c\u0105 chorob\u0105 cywilizacyjn\u0105. Czym s\u0105 choroby psychiczne i czy to prawda, \u017ce mo\u017cna si\u0119 nimi zarazi\u0107. Na te i wiele innych pyta\u0144 postara si\u0119 odpowiedzie\u0107 Paulina Guz, kt\u00f3ra na co dzie\u0144 pracuje na Oddziale Chor\u00f3b Afektywnych w Instytucie Psychiatrii i Neurologii, gdzie spotyka setki pacjent\u00f3w, kt\u00f3rych do\u015bwiadczenia s\u0105 dla niej zar\u00f3wno motywacj\u0105, jak i inspiracj\u0105 do edukowania innych na temat zdrowia psychicznego.<\/p>\n<p><strong>Prowadzenie: Paulina Guz<\/strong><\/p>\n<p><strong>Miejsce: Rado\u015b\u0107, godz.10.00-11.30.<\/strong><\/div><\/div><\/div><div class=\"fusion-panel panel-default fusion-toggle-no-divider fusion-toggle-boxed-mode\"><div class=\"panel-heading\"><h4 class=\"panel-title toggle\"><a class=\"active\" aria-expanded=\"true\" aria-controls=\"2b13ba9f0fd0d2244\" role=\"button\" data-toggle=\"collapse\" data-parent=\"#accordion-2721-1\" data-target=\"#2b13ba9f0fd0d2244\" href=\"#2b13ba9f0fd0d2244\"><span class=\"fusion-toggle-icon-wrapper\" aria-hidden=\"true\"><i class=\"fa-fusion-box\" aria-hidden=\"true\"><\/i><\/span><span class=\"fusion-toggle-heading\">Warsztat pt. \u201ePoznaj moc talent\u00f3w Gallupa&quot;<\/span><\/a><\/h4><\/div><div id=\"2b13ba9f0fd0d2244\" class=\"panel-collapse collapse in\"><div class=\"panel-body toggle-content fusion-clearfix\"><strong>Prowadzenie: Anna Boroszko<\/strong><\/p>\n<p><strong>Miejsce: Rado\u015b\u0107, godz.12.00-13.30<\/strong><\/div><\/div><\/div><div class=\"fusion-panel panel-default fusion-toggle-no-divider fusion-toggle-boxed-mode\"><div class=\"panel-heading\"><h4 class=\"panel-title toggle\"><a class=\"active\" aria-expanded=\"true\" aria-controls=\"5fc010f0bfd6f81d0\" role=\"button\" data-toggle=\"collapse\" data-parent=\"#accordion-2721-1\" data-target=\"#5fc010f0bfd6f81d0\" href=\"#5fc010f0bfd6f81d0\"><span class=\"fusion-toggle-icon-wrapper\" aria-hidden=\"true\"><i class=\"fa-fusion-box\" aria-hidden=\"true\"><\/i><\/span><span class=\"fusion-toggle-heading\">Warsztat &quot;\u015awiat\u0142o wewn\u0105trz&quot;<\/span><\/a><\/h4><\/div><div id=\"5fc010f0bfd6f81d0\" class=\"panel-collapse collapse in\"><div class=\"panel-body toggle-content fusion-clearfix\">\n<p><strong>Prowadzenie: Anna Boroszko<\/strong><\/p>\n<p><strong>Miejsce: Rado\u015b\u0107, godz.14.00-15.30<\/strong><\/p>\n<\/div><\/div><\/div><div class=\"fusion-panel panel-default fusion-toggle-no-divider fusion-toggle-boxed-mode\"><div class=\"panel-heading\"><h4 class=\"panel-title toggle\"><a class=\"active\" aria-expanded=\"true\" aria-controls=\"89be9b2a779cb5ca2\" role=\"button\" data-toggle=\"collapse\" data-parent=\"#accordion-2721-1\" data-target=\"#89be9b2a779cb5ca2\" href=\"#89be9b2a779cb5ca2\"><span class=\"fusion-toggle-icon-wrapper\" aria-hidden=\"true\"><i class=\"fa-fusion-box\" aria-hidden=\"true\"><\/i><\/span><span class=\"fusion-toggle-heading\">Konsultacje dla par <\/span><\/a><\/h4><\/div><div id=\"89be9b2a779cb5ca2\" class=\"panel-collapse collapse in\"><div class=\"panel-body toggle-content fusion-clearfix\">\n<p>Bardzo cz\u0119sto k\u0142\u00f3c\u0105ca si\u0119 para ko\u0144czy sprzeczk\u0119 ze s\u0142owami: z Tob\u0105 to tak zawsze jest\u2026.nigdy i tak mnie nie s\u0142uchasz\u2026ci\u0105gle to samo z Tob\u0105\u2026takie stwierdzenia oznaczaj\u0105, \u017ce komunikacja nie prowadzi do porozumienia mi\u0119dzy partnerami. Podczas terapii szukamy zwykle powod\u00f3w takiego stanu i zrozumienia jego przyczyn, bo zwykle jakie\u015b s\u0105. Kiedy uda si\u0119 zrozumie\u0107 i rozwik\u0142a\u0107 te powody jest szansa na dalsze satysfakcjonuj\u0105ce porozumiewanie si\u0119.<\/p>\n<p>Je\u015bli co\u015b Was nurtuje, czy niepokoi w zwi\u0105zku zapraszamy pary do rozmowy.<\/p>\n<p><strong>Prowadzenie: Izabella C\u0105pa\u0142a<\/strong><\/p>\n<p><strong>Miejsce: Rado\u015b\u0107, godz.10.00-14.00<\/strong><\/p>\n<\/div><\/div><\/div><div class=\"fusion-panel panel-default fusion-toggle-no-divider fusion-toggle-boxed-mode\"><div class=\"panel-heading\"><h4 class=\"panel-title toggle\"><a class=\"active\" aria-expanded=\"true\" aria-controls=\"5e2369e7685970a5d\" role=\"button\" data-toggle=\"collapse\" data-parent=\"#accordion-2721-1\" data-target=\"#5e2369e7685970a5d\" href=\"#5e2369e7685970a5d\"><span class=\"fusion-toggle-icon-wrapper\" aria-hidden=\"true\"><i class=\"fa-fusion-box\" aria-hidden=\"true\"><\/i><\/span><span class=\"fusion-toggle-heading\">Konsultacje rodzicielskie dla rodzic\u00f3w nastolatk\u00f3w <\/span><\/a><\/h4><\/div><div id=\"5e2369e7685970a5d\" class=\"panel-collapse collapse in\"><div class=\"panel-body toggle-content fusion-clearfix\">\n<p>Kiedy w domu jest nastolatek, to cz\u0119sto powstaje wra\u017cenie, \u017ce to jaki\u015b obcy, albo kto\u015b nam podmieni\u0142 dziecko. Specjali\u015bci twierdz\u0105, \u017ce to jest najtrudniejszy moment w rozwoju cz\u0142owieka: po\u017cegnanie z beztroskim dzieci\u0144stwem i rozpocz\u0119cie doros\u0142ego \u017cycia. Na tym etapie cz\u0119sto m\u0142ody cz\u0142owiek potrzebuje wszelkiej pomocy i wsparcia. Cz\u0119sto te\u017c takiego wsparcia mog\u0105 potrzebowa\u0107 rodzice, kt\u00f3rzy szukaj\u0105 nowych sposob\u00f3w na rodzicielstwo. Konsultacje rodzicielskie to mo\u017cliwo\u015b\u0107 porozmawiania o dziecku aby lepiej rozumie\u0107 i w efekcie wspiera\u0107.<\/p>\n<p><strong>Prowadzenie: Joanna Basaj<\/strong><\/p>\n<p><strong>Miejsce: Nieca\u0142a, godz.10.00-14.00<\/strong><\/p>\n<\/div><\/div><\/div><div class=\"fusion-panel panel-default fusion-toggle-no-divider fusion-toggle-boxed-mode\"><div class=\"panel-heading\"><h4 class=\"panel-title toggle\"><a class=\"active\" aria-expanded=\"true\" aria-controls=\"86f41edc5a7bb630d\" role=\"button\" data-toggle=\"collapse\" data-parent=\"#accordion-2721-1\" data-target=\"#86f41edc5a7bb630d\" href=\"#86f41edc5a7bb630d\"><span class=\"fusion-toggle-icon-wrapper\" aria-hidden=\"true\"><i class=\"fa-fusion-box\" aria-hidden=\"true\"><\/i><\/span><span class=\"fusion-toggle-heading\">Konsultacje rodzinne <\/span><\/a><\/h4><\/div><div id=\"86f41edc5a7bb630d\" class=\"panel-collapse collapse in\"><div class=\"panel-body toggle-content fusion-clearfix\">Rodzina to zwykle skomplikowany system wielu emocjonalnych powi\u0105za\u0144 i zale\u017cno\u015bci. Jest to system, w kt\u00f3rym ka\u017cdy z jego cz\u0142onk\u00f3w wype\u0142nia swoj\u0105 rol\u0119 najlepiej jak umie w danym momencie. Czasami potrzeba zrozumie\u0107 specyfik\u0119 funkcjonowania rodziny, aby pom\u00f3c poszczeg\u00f3lnym osobom w rodzinie swobodnie \u017cy\u0107 i si\u0119 rozwija\u0107 zachowuj\u0105c jednocze\u015bnie cenne wi\u0119zi. Konsultacje rodzinne stwarzaj\u0105 niezwyk\u0142\u0105 mo\u017cliwo\u015b\u0107 pracy nad relacjami mi\u0119dzy bliskimi osobami.<\/p>\n<p><strong>Prowadzenie: Marzena Witkowska,<\/strong><\/p>\n<p><strong>Miejsce: Rado\u015b\u0107, godz. 10.00-14.00<\/strong><\/div><\/div><\/div><div class=\"fusion-panel panel-default fusion-toggle-no-divider fusion-toggle-boxed-mode\"><div class=\"panel-heading\"><h4 class=\"panel-title toggle\"><a class=\"active\" aria-expanded=\"true\" aria-controls=\"0502ee2d68882804e\" role=\"button\" data-toggle=\"collapse\" data-parent=\"#accordion-2721-1\" data-target=\"#0502ee2d68882804e\" href=\"#0502ee2d68882804e\"><span class=\"fusion-toggle-icon-wrapper\" aria-hidden=\"true\"><i class=\"fa-fusion-box\" aria-hidden=\"true\"><\/i><\/span><span class=\"fusion-toggle-heading\">Konsultacje indywidualne os\u00f3b doros\u0142ych<\/span><\/a><\/h4><\/div><div id=\"0502ee2d68882804e\" class=\"panel-collapse collapse in\"><div class=\"panel-body toggle-content fusion-clearfix\">\n<p><strong>Prowadz\u0105ca: Gra\u017cyna Smuszowicz, Centrum, godz. 10.00-14.00<\/strong><\/p>\n<p><strong>Prowadz\u0105ca: Karolina Kuhn-Buhowicz, Bielany, godz. 10.00-14.00<\/strong><\/p>\n<\/div><\/div><\/div><div class=\"fusion-panel panel-default fusion-toggle-no-divider fusion-toggle-boxed-mode\"><div class=\"panel-heading\"><h4 class=\"panel-title toggle\"><a class=\"active\" aria-expanded=\"true\" aria-controls=\"df5485ac2b3d49fe7\" role=\"button\" data-toggle=\"collapse\" data-parent=\"#accordion-2721-1\" data-target=\"#df5485ac2b3d49fe7\" href=\"#df5485ac2b3d49fe7\"><span class=\"fusion-toggle-icon-wrapper\" aria-hidden=\"true\"><i class=\"fa-fusion-box\" aria-hidden=\"true\"><\/i><\/span><span class=\"fusion-toggle-heading\"><\/span><\/a><\/h4><\/div><div id=\"df5485ac2b3d49fe7\" class=\"panel-collapse collapse in\"><div class=\"panel-body toggle-content fusion-clearfix\">\n<p><strong>Zapraszamy do zapis\u00f3w: gabinet@pomoc-psycholog.pl<\/strong><br \/><strong>Tel. 506 666 777<\/strong><\/p>\n<\/div><\/div><\/div><\/div><\/div><\/div><span class=\"fusion-column-inner-bg hover-type-zoomin\" style=\"overflow:hidden;border-radius:6px 6px 6px 6px;;\"><span class=\"fusion-column-anchor\"><span class=\"fusion-column-inner-bg-image\" style=\"background-color:rgba(216,216,216,0.1);background-position:left top;background-repeat:no-repeat;-webkit-background-size:cover;-moz-background-size:cover;-o-background-size:cover;background-size:cover;border-radius:6px 6px 6px 6px;\"><\/span><\/span><\/span><style type=\"text\/css\">.fusion-body .fusion-builder-column-0{width:100% !important;margin-top : 0px;margin-bottom : 0px;}.fusion-builder-column-0 > .fusion-column-wrapper {padding-top : 4vw !important;padding-right : 4vw !important;margin-right : 2.375%;padding-bottom : 6vw !important;padding-left : 4vw !important;margin-left : 2.375%;}.fusion-flex-container .fusion-row .fusion-builder-column-0 > .fusion-column-inner-bg { margin-right:2.375%;margin-left:2.375%; }@media only screen and (max-width:1177px) {.fusion-body .fusion-builder-column-0{width:50% !important;order : 0;}.fusion-builder-column-0 > .fusion-column-wrapper {margin-right : 4.75%;margin-left : 4.75%;}.fusion-flex-container .fusion-row .fusion-builder-column-0 > .fusion-column-inner-bg { margin-right:4.75%;margin-left:4.75%; }}@media only screen and (max-width:700px) {.fusion-body .fusion-builder-column-0{width:100% !important;order : 0;margin-bottom : 6vw;}.fusion-builder-column-0 > .fusion-column-wrapper {padding-top : 9vw !important;padding-right : 4vw !important;margin-right : 2.375%;padding-bottom : 9vw !important;padding-left : 4vw !important;margin-left : 2.375%;}.fusion-flex-container .fusion-row .fusion-builder-column-0 > .fusion-column-inner-bg { margin-right:2.375%;margin-left:2.375%; }}<\/style><\/div><\/div><style type=\"text\/css\">.fusion-body .fusion-flex-container.fusion-builder-row-1{ padding-top : 5vw;margin-top : 0px;padding-right : 0px;padding-bottom : 5vw;margin-bottom : 0px;padding-left : 0px;}<\/style><\/div>\n","protected":false},"excerpt":{"rendered":"","protected":false},"author":1,"featured_media":2067,"parent":0,"menu_order":0,"comment_status":"closed","ping_status":"closed","template":"100-width.php","meta":{"footnotes":""},"class_list":["post-2721","page","type-page","status-publish","has-post-thumbnail","hentry"],"_links":{"self":[{"href":"https:\/\/sensum.waw.pl\/index.php\/wp-json\/wp\/v2\/pages\/2721","targetHints":{"allow":["GET"]}}],"collection":[{"href":"https:\/\/sensum.waw.pl\/index.php\/wp-json\/wp\/v2\/pages"}],"about":[{"href":"https:\/\/sensum.waw.pl\/index.php\/wp-json\/wp\/v2\/types\/page"}],"author":[{"embeddable":true,"href":"https:\/\/sensum.waw.pl\/index.php\/wp-json\/wp\/v2\/users\/1"}],"replies":[{"embeddable":true,"href":"https:\/\/sensum.waw.pl\/index.php\/wp-json\/wp\/v2\/comments?post=2721"}],"version-history":[{"count":37,"href":"https:\/\/sensum.waw.pl\/index.php\/wp-json\/wp\/v2\/pages\/2721\/revisions"}],"predecessor-version":[{"id":2766,"href":"https:\/\/sensum.waw.pl\/index.php\/wp-json\/wp\/v2\/pages\/2721\/revisions\/2766"}],"wp:featuredmedia":[{"embeddable":true,"href":"https:\/\/sensum.waw.pl\/index.php\/wp-json\/wp\/v2\/media\/2067"}],"wp:attachment":[{"href":"https:\/\/sensum.waw.pl\/index.php\/wp-json\/wp\/v2\/media?parent=2721"}],"curies":[{"name":"wp","href":"https:\/\/api.w.org\/{rel}","templated":true}]}}